{"id":352,"date":"2024-04-25T10:29:09","date_gmt":"2024-04-25T08:29:09","guid":{"rendered":"https:\/\/neurotecheu.umh.es\/?page_id=352"},"modified":"2026-01-19T13:10:14","modified_gmt":"2026-01-19T12:10:14","slug":"como-solicitar-plaza-a-traves-de-la-umh","status":"publish","type":"page","link":"https:\/\/neurotecheu.umh.es\/ca\/movilidad-umh\/como-solicitar-plaza-a-traves-de-la-umh\/","title":{"rendered":"Com sol\u00b7licitar pla\u00e7a a trav\u00e9s de la UMH"},"content":{"rendered":"<p>La Universitat Miguel Hernandez d&#8217;Elx, com a membre de NeurotechEU, es fa c\u00e0rrec complet d&#8217;algunes places ofertes, Per favor, revise en <strong><span style=\"color: #000080\">Oportunitats de Mobilitat<\/span> <\/strong>que l&#8217;activitat a qu\u00e8 vol assistir es troba entre elles.<\/p>\n<p>El proc\u00e9s per a sol\u00b7licitar pla\u00e7a per a dur a terme una activitat de mobilitat de NeurotechEU \u00e9s el seg\u00fcent:<\/p>\n<ol>\n<li style=\"list-style-type: none\">\n<ol>\n<li><span style=\"font-weight: 400\">Descarregar i emplenar el formulari adjunt a continuaci\u00f3.<\/span><\/li>\n<\/ol>\n<\/li>\n<\/ol>\n<p style=\"padding-left: 40px\">Al formulari, \u00e9s important<strong><span style=\"color: #000080\"> indicar correctament l&#8217;activitat<\/span> <\/strong>i descriure breument <strong><span style=\"color: #000080\">c<\/span><span style=\"color: #000080\">om l&#8217;activitat en q\u00fcesti\u00f3 pot beneficiar-li<\/span> <\/strong>en la seua formaci\u00f3 i tesis doctoral.<\/p>\n<p style=\"padding-left: 40px\"><span style=\"font-weight: 400\">&nbsp; &nbsp; &nbsp; 2.<\/span>Envie el formulari i la documentaci\u00f3 sol\u00b7licitada a neurotecheu@umh.es<\/p>\n<p style=\"padding-left: 40px\">Per favor, des d&#8217;eixe moment, pare atenci\u00f3 al seu correu electr\u00f2nic. <strong><span style=\"color: #000080\">Podr\u00edem sol\u00b7licitar-li informaci\u00f3 addicional<\/span><\/strong>.<\/p>\n<p>A continuaci\u00f3, el Comit\u00e9 de Selecci\u00f3 de les activitats de NeurotechEU en la UMH rebr\u00e0 les sol\u00b7licituds enviades per a seleccionar aquella que considere aptes. La UMH es guarda el dret a no adjudicar la o les places oferides si cap sol\u00b7licitud s&#8217;ajusta al perfil requerit.<\/p>\n<p style=\"padding-left: 40px\"><span style=\"font-weight: 400\">&nbsp; &nbsp; &nbsp; 3. Per via electr\u00f2nica se l&#8217;informar\u00e0 si finalment se li ha adjudicat o no la pla\u00e7a vacant per a realitzar l&#8217;activitat.<\/span><\/p>\n<p style=\"padding-left: 40px\"><span style=\"font-weight: 400\">&nbsp; &nbsp; &nbsp; 4. Finalment, els candidats rebran les instruccions per correu electr\u00f2nic per a formalitzar la inscripci\u00f3.<\/span><\/p>\n<p><a href=\"https:\/\/neurotecheu.umh.es\/files\/2026\/01\/UMH-APPLICATION-FORM-2026.docx\"><img loading=\"lazy\" class=\"alignnone wp-image-360\" src=\"https:\/\/neurotecheu.umh.es\/files\/2024\/04\/4-300x300.jpg\" alt=\"UMH-APPLICATION-FORM-General\" width=\"206\" height=\"206\" srcset=\"https:\/\/neurotecheu.umh.es\/files\/2024\/04\/4-300x300.jpg 300w, https:\/\/neurotecheu.umh.es\/files\/2024\/04\/4-1024x1024.jpg 1024w, https:\/\/neurotecheu.umh.es\/files\/2024\/04\/4-150x150.jpg 150w, https:\/\/neurotecheu.umh.es\/files\/2024\/04\/4-768x768.jpg 768w, https:\/\/neurotecheu.umh.es\/files\/2024\/04\/4.jpg 1080w\" sizes=\"(max-width: 206px) 100vw, 206px\" \/><\/a><\/p>\n<p>&nbsp;<\/p>\n<p>&nbsp;<\/p>","protected":false},"excerpt":{"rendered":"<p>La Universitat Miguel Hernandez d&#8217;Elx, com a membre de NeurotechEU, es fa c\u00e0rrec complet d&#8217;algunes places ofertes, Per favor, revise en Oportunitats de Mobilitat que l&#8217;activitat a qu\u00e8 vol assistir es troba entre elles.<br \/>\nEl proc\u00e9s per a sol\u00b7licitar pla\u00e7a per a dur a terme una activitat de mobilitat de NeurotechEU \u00e9s el seg\u00fcent:<\/p>\n<p>Descarregar i emplenar [&#8230;]<\/p>\n","protected":false},"author":24743,"featured_media":0,"parent":294,"menu_order":1,"comment_status":"closed","ping_status":"closed","template":"","meta":{"ngg_post_thumbnail":0,"_links_to":"","_links_to_target":""},"_links":{"self":[{"href":"https:\/\/neurotecheu.umh.es\/ca\/wp-json\/wp\/v2\/pages\/352"}],"collection":[{"href":"https:\/\/neurotecheu.umh.es\/ca\/wp-json\/wp\/v2\/pages"}],"about":[{"href":"https:\/\/neurotecheu.umh.es\/ca\/wp-json\/wp\/v2\/types\/page"}],"author":[{"embeddable":true,"href":"https:\/\/neurotecheu.umh.es\/ca\/wp-json\/wp\/v2\/users\/24743"}],"replies":[{"embeddable":true,"href":"https:\/\/neurotecheu.umh.es\/ca\/wp-json\/wp\/v2\/comments?post=352"}],"version-history":[{"count":0,"href":"https:\/\/neurotecheu.umh.es\/ca\/wp-json\/wp\/v2\/pages\/352\/revisions"}],"up":[{"embeddable":true,"href":"https:\/\/neurotecheu.umh.es\/ca\/wp-json\/wp\/v2\/pages\/294"}],"wp:attachment":[{"href":"https:\/\/neurotecheu.umh.es\/ca\/wp-json\/wp\/v2\/media?parent=352"}],"curies":[{"name":"wp","href":"https:\/\/api.w.org\/{rel}","templated":true}]}}